{"id":869,"date":"2020-12-10T13:04:27","date_gmt":"2020-12-10T13:04:27","guid":{"rendered":"https:\/\/resonator.qodeinteractive.com\/?page_id=869"},"modified":"2022-05-05T08:04:28","modified_gmt":"2022-05-05T08:04:28","slug":"einleitung","status":"publish","type":"page","link":"https:\/\/museum-ried.at\/stadtrundgang\/","title":{"rendered":"Einleitung"},"content":{"rendered":"\t\t<div data-elementor-type=\"wp-page\" data-elementor-id=\"869\" class=\"elementor elementor-869\" data-elementor-post-type=\"page\">\n\t\t\t\t\t\t<section class=\"elementor-section elementor-top-section elementor-element elementor-element-ee7a7e9 elementor-section-full_width qodef-elementor-content-grid elementor-section-height-default elementor-section-height-default\" data-id=\"ee7a7e9\" data-element_type=\"section\">\n\t\t\t\t\t\t<div class=\"elementor-container elementor-column-gap-default\">\n\t\t\t\t\t<div class=\"elementor-column elementor-col-100 elementor-top-column elementor-element elementor-element-b18ce2c\" data-id=\"b18ce2c\" data-element_type=\"column\">\n\t\t\t<div class=\"elementor-widget-wrap elementor-element-populated\">\n\t\t\t\t\t\t<div class=\"elementor-element elementor-element-e351bd7 elementor-widget elementor-widget-slider_revolution\" data-id=\"e351bd7\" data-element_type=\"widget\" data-widget_type=\"slider_revolution.default\">\n\t\t\t\t<div class=\"elementor-widget-container\">\n\t\t\t\n\t\t<div class=\"wp-block-themepunch-revslider\">\n\t\t\t<!-- START Podcast Stream REVOLUTION SLIDER 6.5.8 --><p class=\"rs-p-wp-fix\"><\/p>\n\t\t\t<rs-module-wrap id=\"rev_slider_11_1_wrapper\" data-source=\"gallery\" style=\"visibility:hidden;background:transparent;padding:0;\">\n\t\t\t\t<rs-module id=\"rev_slider_11_1\" style=\"\" data-version=\"6.5.8\">\n\t\t\t\t\t<rs-slides>\n\t\t\t\t\t\t<rs-slide style=\"position: absolute;\" data-key=\"rs-14\" data-title=\"Slide\" data-in=\"o:0;\" data-out=\"a:false;\">\n\t\t\t\t\t\t\t<img fetchpriority=\"high\" decoding=\"async\" src=\"\/\/museum-ried.at\/stadtrundgang\/wp-content\/plugins\/revslider\/public\/assets\/assets\/dummy.png\" title=\"Titel2_Ga00821\" width=\"2400\" height=\"1846\" class=\"rev-slidebg tp-rs-img rs-lazyload\" data-lazyload=\"\/\/museum-ried.at\/stadtrundgang\/wp-content\/uploads\/Titel2_Ga00821.jpg\" data-no-retina>\n<!--\n\t\t\t\t\t\t\t--><rs-layer\n\t\t\t\t\t\t\t\tid=\"slider-11-slide-14-layer-0\" \n\t\t\t\t\t\t\t\tdata-type=\"text\"\n\t\t\t\t\t\t\t\tdata-xy=\"x:c;xo:-1px,-1px,0,0;y:m;yo:-36px,-36px,-136px,-66px;\"\n\t\t\t\t\t\t\t\tdata-text=\"w:normal;s:127,110,90,50;l:138,120,110,60;fw:700;a:center;\"\n\t\t\t\t\t\t\t\tdata-dim=\"w:1350px,1350px,646px,293px;\"\n\t\t\t\t\t\t\t\tdata-rsp_o=\"off\"\n\t\t\t\t\t\t\t\tdata-rsp_bd=\"off\"\n\t\t\t\t\t\t\t\tdata-frame_0=\"y:50;\"\n\t\t\t\t\t\t\t\tdata-frame_1=\"st:50;sp:1000;\"\n\t\t\t\t\t\t\t\tdata-frame_999=\"o:0;st:w;\"\n\t\t\t\t\t\t\t\tstyle=\"z-index:8;font-family:'Lato';text-transform:uppercase;\"\n\t\t\t\t\t\t\t>Stadt-Rundgang \n\t\t\t\t\t\t\t<\/rs-layer><!--\n-->\t\t\t\t\t\t<\/rs-slide>\n\t\t\t\t\t<\/rs-slides>\n\t\t\t\t<\/rs-module>\n\t\t\t\t<script type=\"text\/javascript\">\n\t\t\t\t\tsetREVStartSize({c: 'rev_slider_11_1',rl:[1240,1024,778,480],el:[980,600,600,600],gw:[1300,1100,650,290],gh:[980,600,600,600],type:'hero',justify:'',layout:'fullscreen',offsetContainer:'',offset:'',mh:\"0\"});if (window.RS_MODULES!==undefined && window.RS_MODULES.modules!==undefined && window.RS_MODULES.modules[\"revslider111\"]!==undefined) {window.RS_MODULES.modules[\"revslider111\"].once = false;window.revapi11 = undefined;if (window.RS_MODULES.checkMinimal!==undefined) window.RS_MODULES.checkMinimal()}\n\t\t\t\t<\/script>\n\t\t\t<\/rs-module-wrap>\n\t\t\t<!-- END REVOLUTION SLIDER -->\n<\/div>\n\n\t\t\t\t<\/div>\n\t\t\t\t<\/div>\n\t\t\t\t\t<\/div>\n\t\t<\/div>\n\t\t\t\t\t<\/div>\n\t\t<\/section>\n\t\t\t\t<section class=\"elementor-section elementor-top-section elementor-element elementor-element-121b58c elementor-section-full_width qodef-elementor-content-grid elementor-section-height-default elementor-section-height-default\" data-id=\"121b58c\" data-element_type=\"section\" data-settings=\"{&quot;background_background&quot;:&quot;classic&quot;}\">\n\t\t\t\t\t\t<div class=\"elementor-container elementor-column-gap-default\">\n\t\t\t\t\t<div class=\"elementor-column elementor-col-100 elementor-top-column elementor-element elementor-element-d095008\" data-id=\"d095008\" data-element_type=\"column\" data-settings=\"{&quot;background_background&quot;:&quot;classic&quot;}\">\n\t\t\t<div class=\"elementor-widget-wrap elementor-element-populated\">\n\t\t\t\t\t\t<div class=\"elementor-element elementor-element-de02004 elementor-widget elementor-widget-resonator_core_podcast_list\" data-id=\"de02004\" data-element_type=\"widget\" data-widget_type=\"resonator_core_podcast_list.default\">\n\t\t\t\t<div class=\"elementor-widget-container\">\n\t\t\t<div class=\"qodef-shortcode qodef-m  qodef-podcast-list  qodef-item-layout--simple qodef-grid qodef-layout--columns  qodef-gutter--normal qodef-col-num--1 qodef-item-layout--simple qodef--no-bottom-space qodef-pagination--off qodef-responsive--predefined\" data-options=\"{&quot;plugin&quot;:&quot;resonator_core&quot;,&quot;module&quot;:&quot;post-types\\\/podcast\\\/shortcodes&quot;,&quot;shortcode&quot;:&quot;podcast-list&quot;,&quot;post_type&quot;:&quot;podcast-item&quot;,&quot;next_page&quot;:&quot;2&quot;,&quot;behavior&quot;:&quot;columns&quot;,&quot;images_proportion&quot;:&quot;full&quot;,&quot;columns&quot;:&quot;1&quot;,&quot;columns_responsive&quot;:&quot;predefined&quot;,&quot;space&quot;:&quot;normal&quot;,&quot;orderby&quot;:&quot;date&quot;,&quot;order&quot;:&quot;DESC&quot;,&quot;additional_params&quot;:&quot;tax&quot;,&quot;tax&quot;:&quot;podcast-tag&quot;,&quot;tax_slug&quot;:&quot;einleitung&quot;,&quot;tax__in&quot;:&quot;test&quot;,&quot;layout&quot;:&quot;simple&quot;,&quot;title_tag&quot;:&quot;h4&quot;,&quot;enable_appear&quot;:&quot;no&quot;,&quot;show_audio_length&quot;:&quot;no&quot;,&quot;show_next_up&quot;:&quot;no&quot;,&quot;navigation_with_text&quot;:&quot;no&quot;,&quot;pagination_type&quot;:&quot;no-pagination&quot;,&quot;enable_image&quot;:&quot;yes&quot;,&quot;enable_excerpt&quot;:&quot;no&quot;,&quot;enable_share&quot;:&quot;no&quot;,&quot;enable_button&quot;:&quot;no&quot;,&quot;object_class_name&quot;:&quot;ResonatorCorePodcastListShortcode&quot;,&quot;taxonomy_filter&quot;:&quot;podcast-category&quot;,&quot;additional_query_args&quot;:{&quot;tax_query&quot;:[{&quot;taxonomy&quot;:&quot;podcast-tag&quot;,&quot;field&quot;:&quot;slug&quot;,&quot;terms&quot;:&quot;einleitung&quot;}]},&quot;space_value&quot;:15}\">\n\t\t<div class=\"qodef-grid-inner clear\">\n\t\t<article class=\"qodef-e qodef-grid-item qodef-item--full post-8094 podcast-item type-podcast-item status-publish has-post-thumbnail hentry podcast-tag-einleitung\">\n\t<div class=\"qodef-e-inner\">\n\t\t<div class=\"qodef-e-content\">\n\t\t\t<div>\n\t\t\t\t<div class=\"qodef-m-play\" data-playing-id=\"0\" data-source=\"https:\/\/museum-ried.at\/stadtrundgang\/wp-content\/uploads\/Stadtrundgang1_02_02.mp3\" data-title=\"Einleitung\" data-link=\"https:\/\/museum-ried.at\/stadtrundgang\/podcast-item\/einleitung\/\" data-image=\"https:\/\/museum-ried.at\/stadtrundgang\/wp-content\/uploads\/Titel2_Ga00821.jpg\" data-episode=\"Episode\"><\/div>\r\n\t\t\t\t<h4 itemprop=\"name\" class=\"qodef-e-title entry-title\" >\n\t<a itemprop=\"url\" class=\"qodef-e-title-link\" href=\"https:\/\/museum-ried.at\/stadtrundgang\/podcast-item\/einleitung\/\">\n\t\tEinleitung\t<\/a>\n<\/h4>\t\t\t<\/div>\n\t\t\t<div>\n\t\t\t\t\t            \t                    <div class=\"qodef-e-read-more\">\n\t\t\t<a class=\"qodef-shortcode qodef-m  qodef-button qodef-layout--textual  qodef-html--link\" href=\"https:\/\/museum-ried.at\/stadtrundgang\/podcast-item\/einleitung\/\" target=\"_self\"  >\t<span class=\"qodef-m-text\">Weitere Informationen <\/span>    <svg xmlns=\"http:\/\/www.w3.org\/2000\/svg\" xmlns:xlink=\"http:\/\/www.w3.org\/1999\/xlink\" x=\"0px\" y=\"0px\"         viewBox=\"0 0 19.2 12.7\" style=\"enable-background:new 0 0 19.2 12.7;\" xml:space=\"preserve\">        <g>            <g>                <line x1=\"18\" y1=\"6.4\" x2=\"0\" y2=\"6.4\"\/>            <\/g>            <path d=\"M13,0.6\"\/>            <polyline points=\"12.5,0.4 18.5,6.4 12.5,12.4 \t\"\/>        <\/g>    <\/svg><\/a>        <\/div>\n\t\t\t<\/div>\n\t\t<\/div>\n\t<\/div>\n<\/article>\t<\/div>\n\t<\/div>\t\t<\/div>\n\t\t\t\t<\/div>\n\t\t\t\t\t<\/div>\n\t\t<\/div>\n\t\t\t\t\t<\/div>\n\t\t<\/section>\n\t\t\t\t<section class=\"elementor-section elementor-top-section elementor-element elementor-element-16041e9 elementor-section-full_width qodef-elementor-content-grid elementor-section-height-default elementor-section-height-default\" data-id=\"16041e9\" data-element_type=\"section\">\n\t\t\t\t\t\t<div class=\"elementor-container elementor-column-gap-default\">\n\t\t\t\t\t<div class=\"elementor-column elementor-col-100 elementor-top-column elementor-element elementor-element-756c54e\" data-id=\"756c54e\" data-element_type=\"column\">\n\t\t\t<div class=\"elementor-widget-wrap\">\n\t\t\t\t\t\t\t<\/div>\n\t\t<\/div>\n\t\t\t\t\t<\/div>\n\t\t<\/section>\n\t\t\t\t<section class=\"elementor-section elementor-top-section elementor-element elementor-element-6b7ad59 qodef-elementor-content-grid elementor-section-boxed elementor-section-height-default elementor-section-height-default\" data-id=\"6b7ad59\" data-element_type=\"section\">\n\t\t\t\t\t\t<div class=\"elementor-container elementor-column-gap-default\">\n\t\t\t\t\t<div class=\"elementor-column elementor-col-50 elementor-top-column elementor-element elementor-element-0c9852c\" data-id=\"0c9852c\" data-element_type=\"column\">\n\t\t\t<div class=\"elementor-widget-wrap elementor-element-populated\">\n\t\t\t\t\t\t<div class=\"elementor-element elementor-element-d445eea elementor-widget__width-initial elementor-widget elementor-widget-text-editor\" data-id=\"d445eea\" data-element_type=\"widget\" data-widget_type=\"text-editor.default\">\n\t\t\t\t<div class=\"elementor-widget-container\">\n\t\t\t\t\t\t\t<h2 style=\"text-align: left;\">Herzlich Willkommen!<\/h2>\t\t\t\t\t\t<\/div>\n\t\t\t\t<\/div>\n\t\t\t\t\t<\/div>\n\t\t<\/div>\n\t\t\t\t<div class=\"elementor-column elementor-col-50 elementor-top-column elementor-element elementor-element-0a9b6e5\" data-id=\"0a9b6e5\" data-element_type=\"column\">\n\t\t\t<div class=\"elementor-widget-wrap elementor-element-populated\">\n\t\t\t\t\t\t<div class=\"elementor-element elementor-element-a15ff3c elementor-widget elementor-widget-text-editor\" data-id=\"a15ff3c\" data-element_type=\"widget\" data-widget_type=\"text-editor.default\">\n\t\t\t\t<div class=\"elementor-widget-container\">\n\t\t\t\t\t\t\t<p>Herzlich Willkommen in Ried im Innkreis. Wir freuen uns, dass Sie sich f\u00fcr die Geschichte und Sehensw\u00fcrdigkeiten der Stadt Ried interessieren und w\u00fcnschen Ihnen informative Unterhaltung bei Ihrem Spaziergang durch Ried.<\/p><p>Ried hat eine einzigartige Stadtanlage. Vier Pl\u00e4tze bilden das historische Zentrum von Ried: der Kirchenplatz, der Hauptplatz, der Ro\u00dfmarkt und der Stelzhamerplatz.<\/p><p>Zwei Tore der alten Befestigungsanlage sind noch erhalten: das Braunauer Tor und das Sch\u00e4rdinger Tor. Durch die Jahrhunderte sind Pl\u00e4tze und Tore immer wieder umbenannt worden oder haben spezielle Namen von der Bev\u00f6lkerung bekommen.<\/p><p>Beginnen Sie Ihren Spaziergang auf dem Hauptplatz und h\u00f6ren Sie dabei in die Geschichte von Ried hinein.<\/p>\t\t\t\t\t\t<\/div>\n\t\t\t\t<\/div>\n\t\t\t\t\t<\/div>\n\t\t<\/div>\n\t\t\t\t\t<\/div>\n\t\t<\/section>\n\t\t\t\t<section class=\"elementor-section elementor-top-section elementor-element elementor-element-2d4d54d elementor-section-full_width elementor-section-content-middle elementor-section-height-default elementor-section-height-default qodef-elementor-content-no\" data-id=\"2d4d54d\" data-element_type=\"section\">\n\t\t\t\t\t\t<div class=\"elementor-container elementor-column-gap-default\">\n\t\t\t\t\t<div class=\"elementor-column elementor-col-50 elementor-top-column elementor-element elementor-element-28668a3\" data-id=\"28668a3\" data-element_type=\"column\" data-settings=\"{&quot;background_background&quot;:&quot;classic&quot;}\">\n\t\t\t<div class=\"elementor-widget-wrap elementor-element-populated\">\n\t\t\t\t\t\t<div class=\"elementor-element elementor-element-d4038d7 elementor-widget elementor-widget-image\" data-id=\"d4038d7\" data-element_type=\"widget\" data-widget_type=\"image.default\">\n\t\t\t\t<div class=\"elementor-widget-container\">\n\t\t\t\t\t\t\t\t\t\t\t\t\t<img decoding=\"async\" width=\"1999\" height=\"1469\" src=\"https:\/\/museum-ried.at\/stadtrundgang\/wp-content\/uploads\/001_Geschichte.jpg\" class=\"attachment-full size-full wp-image-7491\" alt=\"\" srcset=\"https:\/\/museum-ried.at\/stadtrundgang\/wp-content\/uploads\/001_Geschichte.jpg 1999w, https:\/\/museum-ried.at\/stadtrundgang\/wp-content\/uploads\/001_Geschichte-300x220.jpg 300w, https:\/\/museum-ried.at\/stadtrundgang\/wp-content\/uploads\/001_Geschichte-1024x753.jpg 1024w, https:\/\/museum-ried.at\/stadtrundgang\/wp-content\/uploads\/001_Geschichte-768x564.jpg 768w, https:\/\/museum-ried.at\/stadtrundgang\/wp-content\/uploads\/001_Geschichte-1536x1129.jpg 1536w\" sizes=\"(max-width: 1999px) 100vw, 1999px\" \/>\t\t\t\t\t\t\t\t\t\t\t\t\t<\/div>\n\t\t\t\t<\/div>\n\t\t\t\t\t<\/div>\n\t\t<\/div>\n\t\t\t\t<div class=\"elementor-column elementor-col-50 elementor-top-column elementor-element elementor-element-4629dcc\" data-id=\"4629dcc\" data-element_type=\"column\">\n\t\t\t<div class=\"elementor-widget-wrap elementor-element-populated\">\n\t\t\t\t\t\t<div class=\"elementor-element elementor-element-b4df95d elementor-widget__width-initial elementor-widget elementor-widget-resonator_core_section_title\" data-id=\"b4df95d\" data-element_type=\"widget\" data-widget_type=\"resonator_core_section_title.default\">\n\t\t\t\t<div class=\"elementor-widget-container\">\n\t\t\t<div class=\"qodef-shortcode qodef-m  qodef-section-title qodef-alignment--left qodef-title-break--disabled\">\n\t\t<h3 class=\"qodef-m-title\" >\n\t\t\t\t\tDie Geschichte der<br \/> Stadt Ried \t\t\t<\/h3>\n\t\t<p class=\"qodef-m-text\" style=\"margin-top: 20px\">Im Jahr 1136 wird Ried erstmals in einer Urkunde des Stiftes Reichersberg erw\u00e4hnt. \nKnapp 50 Jahre sp\u00e4ter scheinen in einer anderen Urkunde \u201eurbani de riede\u201c auf. Diese \u201eBewohner von Ried\u201c lebten nur eineinhalb Stunden Fu\u00dfmarsch von der bayerisch-\u00f6sterreichischen Grenze am Geiersberg entfernt. Ried war ein gut erreichbarer bayerischer Marktort. Das machte Ried ab dem Mittelalter zu einem begehrten Besitztum. Ein ewiges Streiten und oftmaliger Herrschaftswechsel zwischen Bayern und \u00d6sterreich war die Folge. Um das Jahr 1200 geh\u00f6rte Ried jedenfalls zum Herrschaftsgebiet der bayrischen Herz\u00f6ge. Durch die Heirat von Friedrich dem Streitbaren mit Agnes von Andechs Meranien kam die Herrschaft Sch\u00e4rding-Ried 1229 an die Babenberger. Obwohl die Ehe 1243 wegen der Kinderlosigkeit wieder geschieden und das Innviertel wieder bayerisch wurde, stellten die nachfolgenden Herrscher \u2013 n\u00e4mlich Ottokar von B\u00f6hmen und die Habsburger \u2013 immer wieder Anspr\u00fcche. Die Burg Ried wurde mehrfach von \u00d6sterreich belagert. Im Jahr 1364 besetzte Herzog Rudolf IV., der Stifter, Ried. Burg und Marktort wurden zerst\u00f6rt. Tragisch f\u00fcr Ried, dass Rudolf nur einen Tag sp\u00e4ter Sch\u00e4rding zur Stadt erhob. Dennoch wurde Ried nahe der Burg wieder aufgebaut. 15 Jahre sp\u00e4ter endete vorerst der Grenzstreit zwischen Bayern und \u00d6sterreich. Der im Jahr 1379 unterzeichnete Vertrag garantierte Frieden. Ried bl\u00fchte auf. Vor allem der Handel mit Leinen entwickelte sich pr\u00e4chtig. Zeitweilig gab es bis zu 100 Leinenwebereien.\n<\/p>\n<\/div>\t\t<\/div>\n\t\t\t\t<\/div>\n\t\t\t\t<div class=\"elementor-element elementor-element-348f5d7 elementor-widget elementor-widget-spacer\" data-id=\"348f5d7\" data-element_type=\"widget\" data-widget_type=\"spacer.default\">\n\t\t\t\t<div class=\"elementor-widget-container\">\n\t\t\t\t\t<div class=\"elementor-spacer\">\n\t\t\t<div class=\"elementor-spacer-inner\"><\/div>\n\t\t<\/div>\n\t\t\t\t<\/div>\n\t\t\t\t<\/div>\n\t\t\t\t\t<\/div>\n\t\t<\/div>\n\t\t\t\t\t<\/div>\n\t\t<\/section>\n\t\t\t\t<section class=\"elementor-section elementor-top-section elementor-element elementor-element-0a39fed qodef-elementor-content-grid elementor-section-boxed elementor-section-height-default elementor-section-height-default\" data-id=\"0a39fed\" data-element_type=\"section\">\n\t\t\t\t\t\t<div class=\"elementor-container elementor-column-gap-default\">\n\t\t\t\t\t<div class=\"elementor-column elementor-col-100 elementor-top-column elementor-element elementor-element-d596f4b\" data-id=\"d596f4b\" data-element_type=\"column\">\n\t\t\t<div class=\"elementor-widget-wrap elementor-element-populated\">\n\t\t\t\t\t\t<div class=\"elementor-element elementor-element-5809d1e elementor-widget elementor-widget-spacer\" data-id=\"5809d1e\" data-element_type=\"widget\" data-widget_type=\"spacer.default\">\n\t\t\t\t<div class=\"elementor-widget-container\">\n\t\t\t\t\t<div class=\"elementor-spacer\">\n\t\t\t<div class=\"elementor-spacer-inner\"><\/div>\n\t\t<\/div>\n\t\t\t\t<\/div>\n\t\t\t\t<\/div>\n\t\t\t\t<div class=\"elementor-element elementor-element-b66d313 elementor-widget elementor-widget-resonator_core_info_section\" data-id=\"b66d313\" data-element_type=\"widget\" data-widget_type=\"resonator_core_info_section.default\">\n\t\t\t\t<div class=\"elementor-widget-container\">\n\t\t\t<div class=\"qodef-shortcode qodef-m  qodef-info-section qodef-layout--background-text  qodef-background-text-pos--top-left\">\n\t<div class=\"qodef-m-background-text\">\n\t\t\t<\/div>\n\t<div class=\"qodef-m-info\">\n\t\t\t\t\t<p class=\"qodef-m-text\" >Der Friede hielt \u00fcber 320 Jahre. Die Grenzkonflikte zwischen Habsburgern und Wittelsbachern flammten immer wieder auf und brachten besonders im Spanischen und im \u00d6sterreichischen Erbfolgekrieg viel Leid \u00fcber die Region. Nach dem Aussterben der bayerischen Hauptlinie der Wittelsbacher kam es zum Bayerischen Erbfolgekrieg, in dem \u00d6sterreich Anspr\u00fcche auf das gesamte Bayerische Herzogtum stellte. Im Frieden von Teschen kam 1779 aber nur das Innviertel zu \u00d6sterreich.\n\n\nNapoleons Feldz\u00fcge ver\u00e4nderten die politische Landkarte Europas im gro\u00dfen Stil. Im Jahr 1810 wurde das Innviertel durch den Frieden von Sch\u00f6nbrunn erneut bayrisch. Sechs Jahre sp\u00e4ter war die \u00c4ra Napoleons vor\u00fcber. 1816 wurde das Innviertel endg\u00fcltig ein Teil von \u00d6sterreich. \nDer nachfolgende Friede und die zentrale Lage Rieds kamen der Wirtschaft zugute. 1857 wurde der Markt Ried endlich zur Stadt erhoben. 10 Jahre sp\u00e4ter fand das erste landwirtschaftliche Ausstellungsfest statt. Es folgten in den 1870er-Jahren der Bau der Eisenbahnlinien Neumarkt-Simbach und Attnang\u2013Sch\u00e4rding sowie die Gr\u00fcndung des ersten Gymnasiums im Innviertel. Ried wurde zur Messe- und Schulstadt.\nDer Wirtschaftsstandort Ried ist bis heute das Handelszentrum, die Einkaufsstadt, die Schulstadt und die Sportstadt der Region.\n<\/p>\n\t\t\t<\/div>\n<\/div>\t\t<\/div>\n\t\t\t\t<\/div>\n\t\t\t\t\t<\/div>\n\t\t<\/div>\n\t\t\t\t\t<\/div>\n\t\t<\/section>\n\t\t\t\t<section class=\"elementor-section elementor-top-section elementor-element elementor-element-fc11f34 elementor-section-full_width qodef-elementor-content-grid elementor-section-height-default elementor-section-height-default\" data-id=\"fc11f34\" data-element_type=\"section\">\n\t\t\t\t\t\t<div class=\"elementor-container elementor-column-gap-default\">\n\t\t\t\t\t<div class=\"elementor-column elementor-col-50 elementor-top-column elementor-element elementor-element-cdaab01\" data-id=\"cdaab01\" data-element_type=\"column\">\n\t\t\t<div class=\"elementor-widget-wrap elementor-element-populated\">\n\t\t\t\t\t\t<div class=\"elementor-element elementor-element-a83f9d5 elementor-widget elementor-widget-text-editor\" data-id=\"a83f9d5\" data-element_type=\"widget\" data-widget_type=\"text-editor.default\">\n\t\t\t\t<div class=\"elementor-widget-container\">\n\t\t\t\t\t\t\t<h2>Stadtrundgang &#8211; Bereiche<\/h2>\t\t\t\t\t\t<\/div>\n\t\t\t\t<\/div>\n\t\t\t\t\t<\/div>\n\t\t<\/div>\n\t\t\t\t<div class=\"elementor-column elementor-col-50 elementor-top-column elementor-element elementor-element-007da89\" data-id=\"007da89\" data-element_type=\"column\">\n\t\t\t<div class=\"elementor-widget-wrap\">\n\t\t\t\t\t\t\t<\/div>\n\t\t<\/div>\n\t\t\t\t\t<\/div>\n\t\t<\/section>\n\t\t\t\t<section class=\"elementor-section elementor-top-section elementor-element elementor-element-45eac2a elementor-section-full_width qodef-elementor-content-grid qodef-extended-grid qodef-extended-grid--right elementor-section-content-middle qodef-custom-mobile-extended-grid qodef-custom-swiper-visible elementor-section-height-default elementor-section-height-default\" data-id=\"45eac2a\" data-element_type=\"section\">\n\t\t\t\t\t\t<div class=\"elementor-container elementor-column-gap-default\">\n\t\t\t\t\t<div class=\"elementor-column elementor-col-100 elementor-top-column elementor-element elementor-element-4a7404f\" data-id=\"4a7404f\" data-element_type=\"column\">\n\t\t\t<div class=\"elementor-widget-wrap elementor-element-populated\">\n\t\t\t\t\t\t<div class=\"elementor-element elementor-element-5826069 elementor-nav-menu__align-left elementor-nav-menu--dropdown-none elementor-widget elementor-widget-nav-menu\" data-id=\"5826069\" data-element_type=\"widget\" data-settings=\"{&quot;layout&quot;:&quot;vertical&quot;,&quot;submenu_icon&quot;:{&quot;value&quot;:&quot;&lt;i class=\\&quot;fas fa-caret-down\\&quot;&gt;&lt;\\\/i&gt;&quot;,&quot;library&quot;:&quot;fa-solid&quot;}}\" data-widget_type=\"nav-menu.default\">\n\t\t\t\t<div class=\"elementor-widget-container\">\n\t\t\t\t\t\t<nav class=\"elementor-nav-menu--main elementor-nav-menu__container elementor-nav-menu--layout-vertical e--pointer-double-line e--animation-fade\">\n\t\t\t\t<ul id=\"menu-1-5826069\" class=\"elementor-nav-menu sm-vertical\"><li class=\"menu-item menu-item-type-post_type menu-item-object-page menu-item-home menu-item-6876\"><a href=\"https:\/\/museum-ried.at\/stadtrundgang\/\" class=\"elementor-item\">Einleitung<\/a><\/li>\n<li class=\"menu-item menu-item-type-post_type menu-item-object-page menu-item-5935\"><a href=\"https:\/\/museum-ried.at\/stadtrundgang\/der-hauptplatz\/\" class=\"elementor-item\">1. Der Hauptplatz<\/a><\/li>\n<li class=\"menu-item menu-item-type-post_type menu-item-object-page menu-item-7657\"><a href=\"https:\/\/museum-ried.at\/stadtrundgang\/rossmarkt\/\" class=\"elementor-item\">2. Ro\u00dfmarkt<\/a><\/li>\n<li class=\"menu-item menu-item-type-post_type menu-item-object-page menu-item-7656\"><a href=\"https:\/\/museum-ried.at\/stadtrundgang\/oberer-hauptplatz\/\" class=\"elementor-item\">3. Oberer Hauptplatz<\/a><\/li>\n<li class=\"menu-item menu-item-type-post_type menu-item-object-page menu-item-7699\"><a href=\"https:\/\/museum-ried.at\/stadtrundgang\/der-stelzhamerplatz\/\" class=\"elementor-item\">4. Der Stelzhamerplatz<\/a><\/li>\n<li class=\"menu-item menu-item-type-post_type menu-item-object-page menu-item-7750\"><a href=\"https:\/\/museum-ried.at\/stadtrundgang\/die-schwanthalergasse\/\" class=\"elementor-item\">5. Die Schwanthalergasse<\/a><\/li>\n<li class=\"menu-item menu-item-type-post_type menu-item-object-page menu-item-7773\"><a href=\"https:\/\/museum-ried.at\/stadtrundgang\/der-kirchenplatz\/\" class=\"elementor-item\">6. Der Kirchenplatz<\/a><\/li>\n<\/ul>\t\t\t<\/nav>\n\t\t\t\t\t\t<nav class=\"elementor-nav-menu--dropdown elementor-nav-menu__container\" aria-hidden=\"true\">\n\t\t\t\t<ul id=\"menu-2-5826069\" class=\"elementor-nav-menu sm-vertical\"><li class=\"menu-item menu-item-type-post_type menu-item-object-page menu-item-home menu-item-6876\"><a href=\"https:\/\/museum-ried.at\/stadtrundgang\/\" class=\"elementor-item\" tabindex=\"-1\">Einleitung<\/a><\/li>\n<li class=\"menu-item menu-item-type-post_type menu-item-object-page menu-item-5935\"><a href=\"https:\/\/museum-ried.at\/stadtrundgang\/der-hauptplatz\/\" class=\"elementor-item\" tabindex=\"-1\">1. Der Hauptplatz<\/a><\/li>\n<li class=\"menu-item menu-item-type-post_type menu-item-object-page menu-item-7657\"><a href=\"https:\/\/museum-ried.at\/stadtrundgang\/rossmarkt\/\" class=\"elementor-item\" tabindex=\"-1\">2. Ro\u00dfmarkt<\/a><\/li>\n<li class=\"menu-item menu-item-type-post_type menu-item-object-page menu-item-7656\"><a href=\"https:\/\/museum-ried.at\/stadtrundgang\/oberer-hauptplatz\/\" class=\"elementor-item\" tabindex=\"-1\">3. Oberer Hauptplatz<\/a><\/li>\n<li class=\"menu-item menu-item-type-post_type menu-item-object-page menu-item-7699\"><a href=\"https:\/\/museum-ried.at\/stadtrundgang\/der-stelzhamerplatz\/\" class=\"elementor-item\" tabindex=\"-1\">4. Der Stelzhamerplatz<\/a><\/li>\n<li class=\"menu-item menu-item-type-post_type menu-item-object-page menu-item-7750\"><a href=\"https:\/\/museum-ried.at\/stadtrundgang\/die-schwanthalergasse\/\" class=\"elementor-item\" tabindex=\"-1\">5. Die Schwanthalergasse<\/a><\/li>\n<li class=\"menu-item menu-item-type-post_type menu-item-object-page menu-item-7773\"><a href=\"https:\/\/museum-ried.at\/stadtrundgang\/der-kirchenplatz\/\" class=\"elementor-item\" tabindex=\"-1\">6. Der Kirchenplatz<\/a><\/li>\n<\/ul>\t\t\t<\/nav>\n\t\t\t\t<\/div>\n\t\t\t\t<\/div>\n\t\t\t\t\t<\/div>\n\t\t<\/div>\n\t\t\t\t\t<\/div>\n\t\t<\/section>\n\t\t\t\t<\/div>\n\t\t","protected":false},"excerpt":{"rendered":"<p>Einleitung Weitere Informationen Herzlich Willkommen! Herzlich Willkommen in Ried im Innkreis. Wir freuen uns, dass Sie sich f\u00fcr die Geschichte und Sehensw\u00fcrdigkeiten der Stadt Ried interessieren und w\u00fcnschen Ihnen informative Unterhaltung bei Ihrem Spaziergang durch Ried. Ried hat eine einzigartige Stadtanlage. Vier Pl\u00e4tze bilden das historische Zentrum von Ried: der Kirchenplatz, der Hauptplatz, der Ro\u00dfmarkt [&hellip;]<\/p>\n","protected":false},"author":1,"featured_media":0,"parent":0,"menu_order":0,"comment_status":"closed","ping_status":"closed","template":"page-full-width.php","meta":{"footnotes":""},"class_list":["post-869","page","type-page","status-publish","hentry"],"_links":{"self":[{"href":"https:\/\/museum-ried.at\/stadtrundgang\/wp-json\/wp\/v2\/pages\/869","targetHints":{"allow":["GET"]}}],"collection":[{"href":"https:\/\/museum-ried.at\/stadtrundgang\/wp-json\/wp\/v2\/pages"}],"about":[{"href":"https:\/\/museum-ried.at\/stadtrundgang\/wp-json\/wp\/v2\/types\/page"}],"author":[{"embeddable":true,"href":"https:\/\/museum-ried.at\/stadtrundgang\/wp-json\/wp\/v2\/users\/1"}],"replies":[{"embeddable":true,"href":"https:\/\/museum-ried.at\/stadtrundgang\/wp-json\/wp\/v2\/comments?post=869"}],"version-history":[{"count":0,"href":"https:\/\/museum-ried.at\/stadtrundgang\/wp-json\/wp\/v2\/pages\/869\/revisions"}],"wp:attachment":[{"href":"https:\/\/museum-ried.at\/stadtrundgang\/wp-json\/wp\/v2\/media?parent=869"}],"curies":[{"name":"wp","href":"https:\/\/api.w.org\/{rel}","templated":true}]}}