{"id":7764,"date":"2021-12-18T13:14:38","date_gmt":"2021-12-18T13:14:38","guid":{"rendered":"https:\/\/dev.huntica.rocks\/stadtrundgang\/?page_id=7764"},"modified":"2022-02-10T13:15:00","modified_gmt":"2022-02-10T13:15:00","slug":"der-kirchenplatz","status":"publish","type":"page","link":"https:\/\/museum-ried.at\/stadtrundgang\/der-kirchenplatz\/","title":{"rendered":"Der Kirchenplatz"},"content":{"rendered":"\t\t<div data-elementor-type=\"wp-page\" data-elementor-id=\"7764\" class=\"elementor elementor-7764\" data-elementor-post-type=\"page\">\n\t\t\t\t\t\t<section class=\"elementor-section elementor-top-section elementor-element elementor-element-77828b4 elementor-section-full_width qodef-elementor-content-grid elementor-section-height-default elementor-section-height-default\" data-id=\"77828b4\" data-element_type=\"section\">\n\t\t\t\t\t\t<div class=\"elementor-container elementor-column-gap-default\">\n\t\t\t\t\t<div class=\"elementor-column elementor-col-100 elementor-top-column elementor-element elementor-element-5f5f8ef\" data-id=\"5f5f8ef\" data-element_type=\"column\">\n\t\t\t<div class=\"elementor-widget-wrap elementor-element-populated\">\n\t\t\t\t\t\t<div class=\"elementor-element elementor-element-b4eac8e elementor-widget elementor-widget-image\" data-id=\"b4eac8e\" data-element_type=\"widget\" data-widget_type=\"image.default\">\n\t\t\t\t<div class=\"elementor-widget-container\">\n\t\t\t\t\t\t\t\t\t\t\t\t\t<img fetchpriority=\"high\" decoding=\"async\" width=\"452\" height=\"352\" src=\"https:\/\/museum-ried.at\/stadtrundgang\/wp-content\/uploads\/06_Kupferstich-von-Fux-Kopie.jpg\" class=\"attachment-full size-full wp-image-7766\" alt=\"\" srcset=\"https:\/\/museum-ried.at\/stadtrundgang\/wp-content\/uploads\/06_Kupferstich-von-Fux-Kopie.jpg 452w, https:\/\/museum-ried.at\/stadtrundgang\/wp-content\/uploads\/06_Kupferstich-von-Fux-Kopie-300x234.jpg 300w\" sizes=\"(max-width: 452px) 100vw, 452px\" \/>\t\t\t\t\t\t\t\t\t\t\t\t\t<\/div>\n\t\t\t\t<\/div>\n\t\t\t\t<div class=\"elementor-element elementor-element-7d6ddf0 elementor-widget elementor-widget-resonator_core_podcast_list\" data-id=\"7d6ddf0\" data-element_type=\"widget\" data-widget_type=\"resonator_core_podcast_list.default\">\n\t\t\t\t<div class=\"elementor-widget-container\">\n\t\t\t<div class=\"qodef-shortcode qodef-m  qodef-podcast-list  qodef-item-layout--simple qodef-grid qodef-layout--columns  qodef-gutter--normal qodef-col-num--1 qodef-item-layout--simple qodef--no-bottom-space qodef-pagination--off qodef-responsive--predefined\" data-options=\"{&quot;plugin&quot;:&quot;resonator_core&quot;,&quot;module&quot;:&quot;post-types\\\/podcast\\\/shortcodes&quot;,&quot;shortcode&quot;:&quot;podcast-list&quot;,&quot;post_type&quot;:&quot;podcast-item&quot;,&quot;next_page&quot;:&quot;2&quot;,&quot;behavior&quot;:&quot;columns&quot;,&quot;images_proportion&quot;:&quot;full&quot;,&quot;columns&quot;:&quot;1&quot;,&quot;columns_responsive&quot;:&quot;predefined&quot;,&quot;space&quot;:&quot;normal&quot;,&quot;orderby&quot;:&quot;date&quot;,&quot;order&quot;:&quot;DESC&quot;,&quot;additional_params&quot;:&quot;tax&quot;,&quot;tax&quot;:&quot;podcast-tag&quot;,&quot;tax_slug&quot;:&quot;kirchenplatz&quot;,&quot;layout&quot;:&quot;simple&quot;,&quot;title_tag&quot;:&quot;h4&quot;,&quot;enable_appear&quot;:&quot;no&quot;,&quot;show_audio_length&quot;:&quot;no&quot;,&quot;show_next_up&quot;:&quot;no&quot;,&quot;navigation_with_text&quot;:&quot;no&quot;,&quot;pagination_type&quot;:&quot;no-pagination&quot;,&quot;enable_image&quot;:&quot;yes&quot;,&quot;enable_excerpt&quot;:&quot;no&quot;,&quot;enable_share&quot;:&quot;no&quot;,&quot;enable_button&quot;:&quot;no&quot;,&quot;object_class_name&quot;:&quot;ResonatorCorePodcastListShortcode&quot;,&quot;taxonomy_filter&quot;:&quot;podcast-category&quot;,&quot;additional_query_args&quot;:{&quot;tax_query&quot;:[{&quot;taxonomy&quot;:&quot;podcast-tag&quot;,&quot;field&quot;:&quot;slug&quot;,&quot;terms&quot;:&quot;kirchenplatz&quot;}]},&quot;space_value&quot;:15}\">\n\t\t<div class=\"qodef-grid-inner clear\">\n\t\t<article class=\"qodef-e qodef-grid-item qodef-item--full post-8165 podcast-item type-podcast-item status-publish has-post-thumbnail hentry podcast-tag-kirchenplatz\">\n\t<div class=\"qodef-e-inner\">\n\t\t<div class=\"qodef-e-content\">\n\t\t\t<div>\n\t\t\t\t<div class=\"qodef-m-play\" data-playing-id=\"0\" data-source=\"https:\/\/museum-ried.at\/stadtrundgang\/wp-content\/uploads\/6-.der-kirchenplatz_01_01-1.mp3\" data-title=\"6. Der Kirchenplatz\" data-link=\"https:\/\/museum-ried.at\/stadtrundgang\/podcast-item\/der-kirchenplatz\/\" data-image=\"https:\/\/museum-ried.at\/stadtrundgang\/wp-content\/uploads\/06_Kupferstich-von-Fux-Kopie.jpg\" data-episode=\"Episode\"><\/div>\r\n\t\t\t\t<h4 itemprop=\"name\" class=\"qodef-e-title entry-title\" >\n\t<a itemprop=\"url\" class=\"qodef-e-title-link\" href=\"https:\/\/museum-ried.at\/stadtrundgang\/podcast-item\/der-kirchenplatz\/\">\n\t\t6. Der Kirchenplatz\t<\/a>\n<\/h4>\t\t\t<\/div>\n\t\t\t<div>\n\t\t\t\t\t            \t                    <div class=\"qodef-e-read-more\">\n\t\t\t<a class=\"qodef-shortcode qodef-m  qodef-button qodef-layout--textual  qodef-html--link\" href=\"https:\/\/museum-ried.at\/stadtrundgang\/podcast-item\/der-kirchenplatz\/\" target=\"_self\"  >\t<span class=\"qodef-m-text\">Weitere Informationen <\/span>    <svg xmlns=\"http:\/\/www.w3.org\/2000\/svg\" xmlns:xlink=\"http:\/\/www.w3.org\/1999\/xlink\" x=\"0px\" y=\"0px\"         viewBox=\"0 0 19.2 12.7\" style=\"enable-background:new 0 0 19.2 12.7;\" xml:space=\"preserve\">        <g>            <g>                <line x1=\"18\" y1=\"6.4\" x2=\"0\" y2=\"6.4\"\/>            <\/g>            <path d=\"M13,0.6\"\/>            <polyline points=\"12.5,0.4 18.5,6.4 12.5,12.4 \t\"\/>        <\/g>    <\/svg><\/a>        <\/div>\n\t\t\t<\/div>\n\t\t<\/div>\n\t<\/div>\n<\/article>\t<\/div>\n\t<\/div>\t\t<\/div>\n\t\t\t\t<\/div>\n\t\t\t\t<div class=\"elementor-element elementor-element-8017cd8 elementor-widget elementor-widget-text-editor\" data-id=\"8017cd8\" data-element_type=\"widget\" data-widget_type=\"text-editor.default\">\n\t\t\t\t<div class=\"elementor-widget-container\">\n\t\t\t\t\t\t\t<p>Bis vor rund 240 Jahren wurde am Pfarrfriedhof rund um die Kirche bestattet. Die 1783 von Kaiser Joseph II. erlassenen Hofdekrete machten die Verlegung des Friedhofs vor die Tore Rieds n\u00f6tig.<\/p><p>\u00a0<\/p><p>Der n\u00e4chste Friedhof entstand auf dem fr\u00fcheren Armen-Gottesacker bei der kleinen Kirche St. Anna im Westen von Ried.<\/p><p>\u00a0<\/p><p>Weitere 100 Jahre sp\u00e4ter konnte auch dieser Friedhof nicht mehr vergr\u00f6\u00dfert werden. Der neue Friedhof entstand an der Sch\u00e4rdinger Stra\u00dfe. Er wurde 1892 bis 1893 nach Pl\u00e4nen von Architekt Raimund Jeblinger im Stil des Historismus gestaltet.<\/p><p>\u00a0<\/p><p>Die H\u00e4userzeile vom Museum Innviertler Volkskundehaus bis zum fr\u00fcheren Pfarrhof ist sprichw\u00f6rtlich \u201eIm Moos\u201c gebaut, was auf das feuchte Gel\u00e4nde hinweist.<\/p>\t\t\t\t\t\t<\/div>\n\t\t\t\t<\/div>\n\t\t\t\t<div class=\"elementor-element elementor-element-bf2697e elementor-widget elementor-widget-spacer\" data-id=\"bf2697e\" data-element_type=\"widget\" data-widget_type=\"spacer.default\">\n\t\t\t\t<div class=\"elementor-widget-container\">\n\t\t\t\t\t<div class=\"elementor-spacer\">\n\t\t\t<div class=\"elementor-spacer-inner\"><\/div>\n\t\t<\/div>\n\t\t\t\t<\/div>\n\t\t\t\t<\/div>\n\t\t\t\t<div class=\"elementor-element elementor-element-df33f83 elementor-widget elementor-widget-resonator_core_podcast_list\" data-id=\"df33f83\" data-element_type=\"widget\" data-widget_type=\"resonator_core_podcast_list.default\">\n\t\t\t\t<div class=\"elementor-widget-container\">\n\t\t\t<div class=\"qodef-shortcode qodef-m  qodef-podcast-list  qodef-item-layout--info-below qodef-grid qodef-layout--columns  qodef-gutter--extra-large qodef-col-num--3 qodef-item-layout--info-below qodef-pagination--on qodef-pagination-type--standard qodef-responsive--custom qodef-col-num--1440--3 qodef-col-num--1366--3 qodef-col-num--1024--2 qodef-col-num--768--2 qodef-col-num--680--1 qodef-col-num--480--1\" data-options=\"{&quot;plugin&quot;:&quot;resonator_core&quot;,&quot;module&quot;:&quot;post-types\\\/podcast\\\/shortcodes&quot;,&quot;shortcode&quot;:&quot;podcast-list&quot;,&quot;post_type&quot;:&quot;podcast-item&quot;,&quot;next_page&quot;:&quot;2&quot;,&quot;max_pages_num&quot;:1,&quot;behavior&quot;:&quot;columns&quot;,&quot;images_proportion&quot;:&quot;resonator_image_size_square&quot;,&quot;columns&quot;:&quot;3&quot;,&quot;columns_responsive&quot;:&quot;custom&quot;,&quot;columns_1440&quot;:&quot;3&quot;,&quot;columns_1366&quot;:&quot;3&quot;,&quot;columns_1024&quot;:&quot;2&quot;,&quot;columns_768&quot;:&quot;2&quot;,&quot;columns_680&quot;:&quot;1&quot;,&quot;columns_480&quot;:&quot;1&quot;,&quot;space&quot;:&quot;extra-large&quot;,&quot;posts_per_page&quot;:&quot;20&quot;,&quot;orderby&quot;:&quot;date&quot;,&quot;order&quot;:&quot;ASC&quot;,&quot;additional_params&quot;:&quot;tax&quot;,&quot;tax&quot;:&quot;podcast-category&quot;,&quot;tax_slug&quot;:&quot;kirchenplatz&quot;,&quot;layout&quot;:&quot;info-below&quot;,&quot;title_tag&quot;:&quot;h5&quot;,&quot;enable_appear&quot;:&quot;no&quot;,&quot;show_audio_length&quot;:&quot;no&quot;,&quot;show_next_up&quot;:&quot;no&quot;,&quot;navigation_with_text&quot;:&quot;no&quot;,&quot;pagination_type&quot;:&quot;standard&quot;,&quot;enable_image&quot;:&quot;yes&quot;,&quot;enable_excerpt&quot;:&quot;no&quot;,&quot;enable_share&quot;:&quot;no&quot;,&quot;enable_button&quot;:&quot;yes&quot;,&quot;object_class_name&quot;:&quot;ResonatorCorePodcastListShortcode&quot;,&quot;taxonomy_filter&quot;:&quot;podcast-category&quot;,&quot;additional_query_args&quot;:{&quot;tax_query&quot;:[{&quot;taxonomy&quot;:&quot;podcast-category&quot;,&quot;field&quot;:&quot;slug&quot;,&quot;terms&quot;:&quot;kirchenplatz&quot;}]},&quot;space_value&quot;:35}\">\n\t\t<div class=\"qodef-grid-inner clear\">\n\t\t<article class=\"qodef-e qodef-grid-item qodef-item--square post-7774 podcast-item type-podcast-item status-publish has-post-thumbnail hentry podcast-category-kirchenplatz\">\n\t<div class=\"qodef-e-inner\" >\n                    <div class=\"qodef-e-image\">\n                \t<div class=\"qodef-e-media-image\">\n\t\t<span class=\"qodef-e-media-icon\"><span class=\"qodef-icon-ionicons ion-md-headset\" ><\/span><\/span>\n\t\t<a itemprop=\"url\" href=\"https:\/\/museum-ried.at\/stadtrundgang\/podcast-item\/stadtpfarrkirche-st-peter-und-paul\/\">\n\t\t\t<img decoding=\"async\" width=\"650\" height=\"650\" src=\"https:\/\/museum-ried.at\/stadtrundgang\/wp-content\/uploads\/6.1_Stadtpfarrkirche_innen-650x650.jpg\" class=\"attachment-resonator_image_size_square size-resonator_image_size_square wp-post-image\" alt=\"\" srcset=\"https:\/\/museum-ried.at\/stadtrundgang\/wp-content\/uploads\/6.1_Stadtpfarrkirche_innen-650x650.jpg 650w, https:\/\/museum-ried.at\/stadtrundgang\/wp-content\/uploads\/6.1_Stadtpfarrkirche_innen-150x150.jpg 150w\" sizes=\"(max-width: 650px) 100vw, 650px\" \/>\t\t<\/a>\n\t<\/div>\n            <\/div>\n        \t\t<div class=\"qodef-e-content\" >\n            <div class=\"qodef-info-top\">\n\t            \t            <div class=\"qodef-e-info-category\">\n\t\t\t<a itemprop=\"url\" class=\"qodef-e-category\" href=\"https:\/\/museum-ried.at\/stadtrundgang\/podcast-category\/kirchenplatz\/\">\n\t\t\tKirchenplatz\t\t<\/a>\n\t<\/div>\n            <\/div>\n\t\t\t<h5 itemprop=\"name\" class=\"qodef-e-title entry-title\" >\n\t<a itemprop=\"url\" class=\"qodef-e-title-link\" href=\"https:\/\/museum-ried.at\/stadtrundgang\/podcast-item\/stadtpfarrkirche-st-peter-und-paul\/\">\n\t\t6.1 Stadtpfarrkirche St. Peter und Paul\t<\/a>\n<\/h5>\t\t\t\t\t\t\t\t\t\t\t\t            <div class=\"qodef-e-read-more\">\n\t\t\t<a class=\"qodef-shortcode qodef-m  qodef-button qodef-layout--textual  qodef-html--link\" href=\"https:\/\/museum-ried.at\/stadtrundgang\/podcast-item\/stadtpfarrkirche-st-peter-und-paul\/\" target=\"_self\"  >\t<span class=\"qodef-m-text\">Weitere Informationen <\/span>    <svg xmlns=\"http:\/\/www.w3.org\/2000\/svg\" xmlns:xlink=\"http:\/\/www.w3.org\/1999\/xlink\" x=\"0px\" y=\"0px\"         viewBox=\"0 0 19.2 12.7\" style=\"enable-background:new 0 0 19.2 12.7;\" xml:space=\"preserve\">        <g>            <g>                <line x1=\"18\" y1=\"6.4\" x2=\"0\" y2=\"6.4\"\/>            <\/g>            <path d=\"M13,0.6\"\/>            <polyline points=\"12.5,0.4 18.5,6.4 12.5,12.4 \t\"\/>        <\/g>    <\/svg><\/a>        <\/div>\n\t\t\t\t\t<\/div>\n\t<\/div>\n<\/article><article class=\"qodef-e qodef-grid-item qodef-item--square post-7787 podcast-item type-podcast-item status-publish has-post-thumbnail hentry podcast-category-kirchenplatz\">\n\t<div class=\"qodef-e-inner\" >\n                    <div class=\"qodef-e-image\">\n                \t<div class=\"qodef-e-media-image\">\n\t\t<span class=\"qodef-e-media-icon\"><span class=\"qodef-icon-ionicons ion-md-headset\" ><\/span><\/span>\n\t\t<a itemprop=\"url\" href=\"https:\/\/museum-ried.at\/stadtrundgang\/podcast-item\/das-museum-innviertler-volkskundehaus\/\">\n\t\t\t<img decoding=\"async\" width=\"650\" height=\"650\" src=\"https:\/\/museum-ried.at\/stadtrundgang\/wp-content\/uploads\/6.02_Museum_Volkskundehaus-650x650.jpg\" class=\"attachment-resonator_image_size_square size-resonator_image_size_square wp-post-image\" alt=\"\" srcset=\"https:\/\/museum-ried.at\/stadtrundgang\/wp-content\/uploads\/6.02_Museum_Volkskundehaus-650x650.jpg 650w, https:\/\/museum-ried.at\/stadtrundgang\/wp-content\/uploads\/6.02_Museum_Volkskundehaus-150x150.jpg 150w, https:\/\/museum-ried.at\/stadtrundgang\/wp-content\/uploads\/6.02_Museum_Volkskundehaus-1300x1300.jpg 1300w\" sizes=\"(max-width: 650px) 100vw, 650px\" \/>\t\t<\/a>\n\t<\/div>\n            <\/div>\n        \t\t<div class=\"qodef-e-content\" >\n            <div class=\"qodef-info-top\">\n\t            \t            <div class=\"qodef-e-info-category\">\n\t\t\t<a itemprop=\"url\" class=\"qodef-e-category\" href=\"https:\/\/museum-ried.at\/stadtrundgang\/podcast-category\/kirchenplatz\/\">\n\t\t\tKirchenplatz\t\t<\/a>\n\t<\/div>\n            <\/div>\n\t\t\t<h5 itemprop=\"name\" class=\"qodef-e-title entry-title\" >\n\t<a itemprop=\"url\" class=\"qodef-e-title-link\" href=\"https:\/\/museum-ried.at\/stadtrundgang\/podcast-item\/das-museum-innviertler-volkskundehaus\/\">\n\t\t6.2 Das Museum Innviertler Volkskundehaus\t<\/a>\n<\/h5>\t\t\t\t\t\t\t\t\t\t\t\t            <div class=\"qodef-e-read-more\">\n\t\t\t<a class=\"qodef-shortcode qodef-m  qodef-button qodef-layout--textual  qodef-html--link\" href=\"https:\/\/museum-ried.at\/stadtrundgang\/podcast-item\/das-museum-innviertler-volkskundehaus\/\" target=\"_self\"  >\t<span class=\"qodef-m-text\">Weitere Informationen <\/span>    <svg xmlns=\"http:\/\/www.w3.org\/2000\/svg\" xmlns:xlink=\"http:\/\/www.w3.org\/1999\/xlink\" x=\"0px\" y=\"0px\"         viewBox=\"0 0 19.2 12.7\" style=\"enable-background:new 0 0 19.2 12.7;\" xml:space=\"preserve\">        <g>            <g>                <line x1=\"18\" y1=\"6.4\" x2=\"0\" y2=\"6.4\"\/>            <\/g>            <path d=\"M13,0.6\"\/>            <polyline points=\"12.5,0.4 18.5,6.4 12.5,12.4 \t\"\/>        <\/g>    <\/svg><\/a>        <\/div>\n\t\t\t\t\t<\/div>\n\t<\/div>\n<\/article>\t<\/div>\n\t<\/div>\t\t<\/div>\n\t\t\t\t<\/div>\n\t\t\t\t\t<\/div>\n\t\t<\/div>\n\t\t\t\t\t<\/div>\n\t\t<\/section>\n\t\t\t\t<\/div>\n\t\t","protected":false},"excerpt":{"rendered":"<p>No posts were found for provided query parameters. Bis vor rund 240 Jahren wurde am Pfarrfriedhof rund um die Kirche bestattet. Die 1783 von Kaiser Joseph II. erlassenen Hofdekrete machten die Verlegung des Friedhofs vor die Tore Rieds n\u00f6tig. \u00a0 Der n\u00e4chste Friedhof entstand auf dem fr\u00fcheren Armen-Gottesacker bei der kleinen Kirche St. Anna im [&hellip;]<\/p>\n","protected":false},"author":1,"featured_media":0,"parent":0,"menu_order":0,"comment_status":"closed","ping_status":"closed","template":"page-full-width.php","meta":{"footnotes":""},"class_list":["post-7764","page","type-page","status-publish","hentry"],"_links":{"self":[{"href":"https:\/\/museum-ried.at\/stadtrundgang\/wp-json\/wp\/v2\/pages\/7764","targetHints":{"allow":["GET"]}}],"collection":[{"href":"https:\/\/museum-ried.at\/stadtrundgang\/wp-json\/wp\/v2\/pages"}],"about":[{"href":"https:\/\/museum-ried.at\/stadtrundgang\/wp-json\/wp\/v2\/types\/page"}],"author":[{"embeddable":true,"href":"https:\/\/museum-ried.at\/stadtrundgang\/wp-json\/wp\/v2\/users\/1"}],"replies":[{"embeddable":true,"href":"https:\/\/museum-ried.at\/stadtrundgang\/wp-json\/wp\/v2\/comments?post=7764"}],"version-history":[{"count":0,"href":"https:\/\/museum-ried.at\/stadtrundgang\/wp-json\/wp\/v2\/pages\/7764\/revisions"}],"wp:attachment":[{"href":"https:\/\/museum-ried.at\/stadtrundgang\/wp-json\/wp\/v2\/media?parent=7764"}],"curies":[{"name":"wp","href":"https:\/\/api.w.org\/{rel}","templated":true}]}}